{"id":2875,"date":"2022-02-13T19:31:20","date_gmt":"2022-02-13T18:31:20","guid":{"rendered":"https:\/\/www.bettinger.de\/?page_id=2875"},"modified":"2026-03-17T09:28:53","modified_gmt":"2026-03-17T08:28:53","slug":"der-europaeische-gerichtshof-hat-entschieden-die-hoai-2013-gilt-fort-wenn-sie-vereinbart-war","status":"publish","type":"page","link":"https:\/\/scheffelt.com\/en\/blogs-news\/news\/der-europaeische-gerichtshof-hat-entschieden-die-hoai-2013-gilt-fort-wenn-sie-vereinbart-war\/","title":{"rendered":"Der europ\u00e4ische Gerichtshof hat entschieden! Die HOAI 2013 gilt fort, wenn sie vereinbart war!"},"content":{"rendered":"<p>13.02.2022<\/p>\n<p>Die Mindest-und H\u00f6chsthonorars\u00e4tze der HOAI (Honorars\u00e4tze) versto\u00dfen gegen die Dienstleistungsrichtlinie. Dies hatte der EuGH bereits mit Urteil vom 04.07.2019 festgestellt. Heftig umstritten war in der Folge, was dies f\u00fcr Architekten-und Ingenieurvertr\u00e4ge, denen die Honorars\u00e4tze zugrunde gelegt worden waren, bedeutete. Die eine Ansicht meinte, dass dieses Urteil auf den Inhalt der Vertr\u00e4ge \u201edurchschlagen\u201c m\u00fcsse, sodass zumindest seit seinem Ergehen kein Architekt oder Ingenieur mehr berechtigt sei, unter Berufung auf die Honorars\u00e4tze ein anderes Honorar als das vereinbarte zu fordern. Die Gegenmeinung berief sich insbesondere auf das Prinzip der Rechtsstaatlichkeit und der Gewaltenteilung, wonach \u2013 grunds\u00e4tzlich &#8211; nur der deutsche Gesetzgeber eine g\u00fcltige Norm (die HOAI) aufheben darf, und auf eine genaue Analyse der Rechtsprechung des europ\u00e4ischen Gerichtshofs, aus der sich ebenfalls keine Pflicht zur Nichtbeachtung der HOAI ableiten lasse.<\/p>\n<p style=\"padding-left: 40px;\">Siehe hierzu im Einzelnen <a href=\"https:\/\/scheffelt.com\/wp-content\/uploads\/2020\/10\/BauR_2019-12_die-Fortgeltung-der-Honorarsaetze.pdf\" target=\"_blank\" rel=\"noopener\"><em>Scheffelt<\/em>, Die Fortgeltung der unionsrechtswidrigen Honorars\u00e4tze der HOAI, BauR 2019, 1827<\/a> und <a href=\"https:\/\/scheffelt.com\/wp-content\/uploads\/2022\/02\/Die-Rechtswirkungen-der-Honorarsa\u0308tze-der-HOAI-in-Vertra\u0308gen-beck-online-1.pdf\" target=\"_blank\" rel=\"noopener\"><em>Scheffelt<\/em>, Die Rechtswirkungen der Honorars\u00e4tze der HOAI in Vertr\u00e4gen, IBR 2020, 1006 (online)<\/a><\/p>\n<p>Der EuGH hat nunmehr im Urteil vom 18.01.2022 \u2013 C-261\/20 (<em><a href=\"https:\/\/scheffelt.com\/wp-content\/uploads\/2022\/02\/Eugh-C-261-20.pdf\" target=\"_blank\" rel=\"noopener\">Volltext<\/a><\/em>) diese Ansicht best\u00e4tigt. Dies <strong>bedeutet <\/strong>kurz gesagt:<\/p>\n<p>In allen Architekten- und Ingenieurvertr\u00e4gen, die eine Fassung der HOAI zugrunde gelegt hatten, die \u00e4lter war als die derzeit g\u00fcltige (Stand 01.01.2021), k\u00f6nnen sich beide Parteien n<strong>ach wie vor auf die Honorars\u00e4tze berufen.<\/strong> Die praktisch relevantesten F\u00e4lle d\u00fcrften die sogenannten Aufstockungsklagen sein, in denen der Auftragnehmer statt des vereinbarten das Honorar verlangt, dass sich aus den Mindests\u00e4tzen der HOAI ergibt. In den seltenen F\u00e4llen, in denen ein Honorar vereinbart wurde, das oberhalb der Honorarh\u00f6chsts\u00e4tze liegt, steht dieses Recht aber auch nach wie vor den Auftraggebern zu.<\/p>\n<p>Das Gericht begr\u00fcndet sein Ergebnis damit, dass aus der Dienstleistungsrichtlinie nicht gefolgert werden k\u00f6nne, dass die Honorars\u00e4tze nicht mehr angewendet werden d\u00fcrften. Der Grundsatz, dass Richtlinien keine unmittelbaren Belastungen in Rechtsverh\u00e4ltnissen zwischen Privaten begr\u00fcnden k\u00f6nnen, greife durch.<\/p>\n<p><strong>Abschlie\u00dfend entschieden ist dies aber nur f\u00fcr Sachverhalte, die keinen grenz\u00fcberschreitenden Bezug aufweisen.<\/strong><\/p>\n<p>Die Vertreter der Gegenansicht hatten aber insbesondere auch darauf abgestellt, dass die Honorars\u00e4tze nicht nur die Dienstleistungsrichtlinie, sondern auch allgemeine Grunds\u00e4tze des Unionsrechts in Form der Dienstleistungsfreiheit (Art. 49 AEUV) oder der Vertragsfreiheit (Art. 16 der EU-Grundrechtecharta) verletze. Sind derartige fundamentale Grunds\u00e4tze verletzt, hat der europ\u00e4ische Gerichtshof schon in verschiedenen Fallgestaltungen Direktwirkungen des Unionsrechts auch in Privatverh\u00e4ltnissen bejaht, insbesondere dann, wenn die betreffende Richtlinie \u201enur\u201c eine Konkretisierung des allgemeinen Prim\u00e4rrechts darstellte.Zu dieser Frage \u00e4u\u00dferte sich der Gerichtshof jetzt aber nicht, denn die Anwendung von prim\u00e4ren Unionsrecht setzt einen grenz\u00fcberschreitenden Sachverhalt voraus, der vorliegend eindeutig nicht gegeben war. Die diesbez\u00fcgliche Frage des Bundesgerichtshofs wurde als unzul\u00e4ssig zur\u00fcckgewiesen. Dies bedeutet aber nicht, dass der EuGH in einem Fall mit grenz\u00fcberschreitender Bedeutung anders entscheiden w\u00fcrde. Er hat sich zu dieser Frage schlicht nicht ge\u00e4u\u00dfert.<\/p>\n<p style=\"padding-left: 40px;\">Zum Streitstand: <a href=\"https:\/\/scheffelt.com\/wp-content\/uploads\/2020\/10\/BauR_2019-12_die-Fortgeltung-der-Honorarsaetze.pdf\" target=\"_blank\" rel=\"noopener\"><em>Scheffelt<\/em>, Die Fortgeltung der unionsrechtswidrigen Honorars\u00e4tze der HOAI, BauR 2019, 1827, 1835<\/a><\/p>\n<p>Besondere Anhaltspunkte, dass die die betreffenden Bestimmungen der Richtlinie fundamentale Grunds\u00e4tze des Unionsrechts zum Ausdruck bringen, sind nicht erkennbar. Es ist daher wahrscheinlich, dass der EuGH auch in F\u00e4llen mit grenz\u00fcberschreitender Wirkung entsprechend entscheiden wird.<\/p>\n<p><strong>Staatshaftungsanspr\u00fcche ?<\/strong><\/p>\n<p>Bemerkenswert ist weiter, dass der EuGH in seiner Entscheidung relativ ausf\u00fchrlich auf seine Rechtsprechung zu den Schadenersatzanspr\u00fcchen eingeht, die der Gesch\u00e4digte gegen den Staat haben kann, der eine Richtlinie nicht ordnungsgem\u00e4\u00df umsetzt. Deshalb wird bereits diskutiert, ob der gesch\u00e4digte Auftraggeber die Verg\u00fctung auf Basis der Mindests\u00e4tze, die die vereinbarte Verg\u00fctung \u00fcbersteigt, als <strong>Schaden<\/strong> gegen\u00fcber der Bundespolitik Deutschland geltend machen kann.<br \/>\nInsoweit ist bei genauer Analyse des deutschen Staatshaftungssystems aber insbesondere angesichts der richterrechtlich aufgestellten Erfordernisse eines \u201ehinreichend qualifizierten Versto\u00dfes\u201c und der Ber\u00fccksichtigung des Sinns und Zwecks der fehlerhaft umgesetzten Richtlinie Zur\u00fcckhaltung angezeigt.<\/p>\n<p style=\"padding-left: 40px;\">Siehe hierzu:\u00a0<a href=\"https:\/\/scheffelt.com\/wp-content\/uploads\/2022\/02\/Die-Rechtswirkungen-der-Honorarsa\u0308tze-der-HOAI-in-Vertra\u0308gen-beck-online-1.pdf\" target=\"_blank\" rel=\"noopener\"><em>Scheffelt<\/em>, Die Rechtswirkungen der Honorars\u00e4tze der HOAI in Vertr\u00e4gen, IBR 2020, 1006 (online)<\/a> (unter Ziff. VI).<\/p>\n","protected":false},"excerpt":{"rendered":"<p>13.02.2022 Die Mindest-und H\u00f6chsthonorars\u00e4tze der HOAI (Honorars\u00e4tze) versto\u00dfen gegen die Dienstleistungsrichtlinie. Dies hatte der EuGH bereits mit Urteil vom 04.07.2019 festgestellt. Heftig umstritten war in der Folge, was dies f\u00fcr Architekten-und Ingenieurvertr\u00e4ge, denen die Honorars\u00e4tze zugrunde gelegt worden waren, bedeutete. Die eine Ansicht meinte, dass dieses Urteil auf den Inhalt der Vertr\u00e4ge \u201edurchschlagen\u201c m\u00fcsse, sodass [&hellip;]<\/p>\n","protected":false},"author":2,"featured_media":0,"parent":387,"menu_order":0,"comment_status":"closed","ping_status":"closed","template":"","meta":{"_acf_changed":false,"footnotes":""},"class_list":["post-2875","page","type-page","status-publish","hentry"],"translation":{"provider":"WPGlobus","version":"3.0.5","language":"en","enabled_languages":["de","en"],"languages":{"de":{"title":true,"content":true,"excerpt":false},"en":{"title":false,"content":false,"excerpt":false}}},"acf":[],"yoast_head":"<!-- This site is optimized with the Yoast SEO plugin v28.4 - https:\/\/yoast.com\/product\/yoast-seo-wordpress\/ -->\n<title>Der europ\u00e4ische Gerichtshof hat entschieden! Die HOAI 2013 gilt fort, wenn sie vereinbart war! - Rechtsanwalt Dr. Michael Scheffelt<\/title>\n<meta name=\"robots\" content=\"index, follow, max-snippet:-1, max-image-preview:large, max-video-preview:-1\" \/>\n<link rel=\"canonical\" href=\"https:\/\/scheffelt.com\/blogs-news\/news\/der-europaeische-gerichtshof-hat-entschieden-die-hoai-2013-gilt-fort-wenn-sie-vereinbart-war\/\" \/>\n<meta property=\"og:locale\" content=\"en_US\" \/>\n<meta property=\"og:type\" content=\"article\" \/>\n<meta property=\"og:title\" content=\"Der europ\u00e4ische Gerichtshof hat entschieden! Die HOAI 2013 gilt fort, wenn sie vereinbart war! - Rechtsanwalt Dr. Michael Scheffelt\" \/>\n<meta property=\"og:url\" content=\"https:\/\/scheffelt.com\/blogs-news\/news\/der-europaeische-gerichtshof-hat-entschieden-die-hoai-2013-gilt-fort-wenn-sie-vereinbart-war\/\" \/>\n<meta property=\"og:site_name\" content=\"Rechtsanwalt Dr. Michael Scheffelt\" \/>\n<meta property=\"article:modified_time\" content=\"2026-03-17T08:28:53+00:00\" \/>\n<meta name=\"twitter:card\" content=\"summary_large_image\" \/>\n<meta name=\"twitter:label1\" content=\"Est. reading time\" \/>\n\t<meta name=\"twitter:data1\" content=\"4 minutes\" \/>\n<script type=\"application\/ld+json\" class=\"yoast-schema-graph\">{\"@context\":\"https:\\\/\\\/schema.org\",\"@graph\":[{\"@type\":\"WebPage\",\"@id\":\"https:\\\/\\\/scheffelt.com\\\/blogs-news\\\/news\\\/der-europaeische-gerichtshof-hat-entschieden-die-hoai-2013-gilt-fort-wenn-sie-vereinbart-war\\\/\",\"url\":\"https:\\\/\\\/scheffelt.com\\\/blogs-news\\\/news\\\/der-europaeische-gerichtshof-hat-entschieden-die-hoai-2013-gilt-fort-wenn-sie-vereinbart-war\\\/\",\"name\":\"Der europ\u00e4ische Gerichtshof hat entschieden! Die HOAI 2013 gilt fort, wenn sie vereinbart war! - Rechtsanwalt Dr. Michael Scheffelt\",\"isPartOf\":{\"@id\":\"https:\\\/\\\/scheffelt.com\\\/#website\"},\"datePublished\":\"2022-02-13T18:31:20+00:00\",\"dateModified\":\"2026-03-17T08:28:53+00:00\",\"breadcrumb\":{\"@id\":\"https:\\\/\\\/scheffelt.com\\\/blogs-news\\\/news\\\/der-europaeische-gerichtshof-hat-entschieden-die-hoai-2013-gilt-fort-wenn-sie-vereinbart-war\\\/#breadcrumb\"},\"inLanguage\":\"en-US\",\"potentialAction\":[{\"@type\":\"ReadAction\",\"target\":[\"https:\\\/\\\/scheffelt.com\\\/blogs-news\\\/news\\\/der-europaeische-gerichtshof-hat-entschieden-die-hoai-2013-gilt-fort-wenn-sie-vereinbart-war\\\/\"]}]},{\"@type\":\"BreadcrumbList\",\"@id\":\"https:\\\/\\\/scheffelt.com\\\/blogs-news\\\/news\\\/der-europaeische-gerichtshof-hat-entschieden-die-hoai-2013-gilt-fort-wenn-sie-vereinbart-war\\\/#breadcrumb\",\"itemListElement\":[{\"@type\":\"ListItem\",\"position\":1,\"name\":\"Home\",\"item\":\"https:\\\/\\\/scheffelt.com\\\/\"},{\"@type\":\"ListItem\",\"position\":2,\"name\":\"Blogs &#038; News\",\"item\":\"https:\\\/\\\/scheffelt.com\\\/blogs-news\\\/\"},{\"@type\":\"ListItem\",\"position\":3,\"name\":\"News\",\"item\":\"https:\\\/\\\/scheffelt.com\\\/blogs-news\\\/news\\\/\"},{\"@type\":\"ListItem\",\"position\":4,\"name\":\"Der europ\u00e4ische Gerichtshof hat entschieden! Die HOAI 2013 gilt fort, wenn sie vereinbart war!\"}]},{\"@type\":\"WebSite\",\"@id\":\"https:\\\/\\\/scheffelt.com\\\/#website\",\"url\":\"https:\\\/\\\/scheffelt.com\\\/\",\"name\":\"Rechtsanwalt Dr. Michael Scheffelt\",\"description\":\"Fachanwalt f\u00fcr Bau- und Architektenrecht\",\"publisher\":{\"@id\":\"https:\\\/\\\/scheffelt.com\\\/#organization\"},\"potentialAction\":[{\"@type\":\"SearchAction\",\"target\":{\"@type\":\"EntryPoint\",\"urlTemplate\":\"https:\\\/\\\/scheffelt.com\\\/?s={search_term_string}\"},\"query-input\":{\"@type\":\"PropertyValueSpecification\",\"valueRequired\":true,\"valueName\":\"search_term_string\"}}],\"inLanguage\":\"en-US\"},{\"@type\":\"Organization\",\"@id\":\"https:\\\/\\\/scheffelt.com\\\/#organization\",\"name\":\"Rechtsanwalt Dr. Michael Scheffelt\",\"url\":\"https:\\\/\\\/scheffelt.com\\\/\",\"logo\":{\"@type\":\"ImageObject\",\"inLanguage\":\"en-US\",\"@id\":\"https:\\\/\\\/scheffelt.com\\\/#\\\/schema\\\/logo\\\/image\\\/\",\"url\":\"https:\\\/\\\/scheffelt.com\\\/wp-content\\\/uploads\\\/2026\\\/01\\\/2026-01-21-Scheffelt-Logo-Colour-e1769196476837.jpg\",\"contentUrl\":\"https:\\\/\\\/scheffelt.com\\\/wp-content\\\/uploads\\\/2026\\\/01\\\/2026-01-21-Scheffelt-Logo-Colour-e1769196476837.jpg\",\"width\":349,\"height\":80,\"caption\":\"Rechtsanwalt Dr. Michael Scheffelt\"},\"image\":{\"@id\":\"https:\\\/\\\/scheffelt.com\\\/#\\\/schema\\\/logo\\\/image\\\/\"}}]}<\/script>\n<!-- \/ Yoast SEO plugin. -->","yoast_head_json":{"title":"Der europ\u00e4ische Gerichtshof hat entschieden! Die HOAI 2013 gilt fort, wenn sie vereinbart war! - Rechtsanwalt Dr. Michael Scheffelt","robots":{"index":"index","follow":"follow","max-snippet":"max-snippet:-1","max-image-preview":"max-image-preview:large","max-video-preview":"max-video-preview:-1"},"canonical":"https:\/\/scheffelt.com\/blogs-news\/news\/der-europaeische-gerichtshof-hat-entschieden-die-hoai-2013-gilt-fort-wenn-sie-vereinbart-war\/","og_locale":"en_US","og_type":"article","og_title":"Der europ\u00e4ische Gerichtshof hat entschieden! Die HOAI 2013 gilt fort, wenn sie vereinbart war! - Rechtsanwalt Dr. Michael Scheffelt","og_url":"https:\/\/scheffelt.com\/blogs-news\/news\/der-europaeische-gerichtshof-hat-entschieden-die-hoai-2013-gilt-fort-wenn-sie-vereinbart-war\/","og_site_name":"Rechtsanwalt Dr. Michael Scheffelt","article_modified_time":"2026-03-17T08:28:53+00:00","twitter_card":"summary_large_image","twitter_misc":{"Est. reading time":"4 minutes"},"schema":{"@context":"https:\/\/schema.org","@graph":[{"@type":"WebPage","@id":"https:\/\/scheffelt.com\/blogs-news\/news\/der-europaeische-gerichtshof-hat-entschieden-die-hoai-2013-gilt-fort-wenn-sie-vereinbart-war\/","url":"https:\/\/scheffelt.com\/blogs-news\/news\/der-europaeische-gerichtshof-hat-entschieden-die-hoai-2013-gilt-fort-wenn-sie-vereinbart-war\/","name":"Der europ\u00e4ische Gerichtshof hat entschieden! Die HOAI 2013 gilt fort, wenn sie vereinbart war! - Rechtsanwalt Dr. Michael Scheffelt","isPartOf":{"@id":"https:\/\/scheffelt.com\/#website"},"datePublished":"2022-02-13T18:31:20+00:00","dateModified":"2026-03-17T08:28:53+00:00","breadcrumb":{"@id":"https:\/\/scheffelt.com\/blogs-news\/news\/der-europaeische-gerichtshof-hat-entschieden-die-hoai-2013-gilt-fort-wenn-sie-vereinbart-war\/#breadcrumb"},"inLanguage":"en-US","potentialAction":[{"@type":"ReadAction","target":["https:\/\/scheffelt.com\/blogs-news\/news\/der-europaeische-gerichtshof-hat-entschieden-die-hoai-2013-gilt-fort-wenn-sie-vereinbart-war\/"]}]},{"@type":"BreadcrumbList","@id":"https:\/\/scheffelt.com\/blogs-news\/news\/der-europaeische-gerichtshof-hat-entschieden-die-hoai-2013-gilt-fort-wenn-sie-vereinbart-war\/#breadcrumb","itemListElement":[{"@type":"ListItem","position":1,"name":"Home","item":"https:\/\/scheffelt.com\/"},{"@type":"ListItem","position":2,"name":"Blogs &#038; News","item":"https:\/\/scheffelt.com\/blogs-news\/"},{"@type":"ListItem","position":3,"name":"News","item":"https:\/\/scheffelt.com\/blogs-news\/news\/"},{"@type":"ListItem","position":4,"name":"Der europ\u00e4ische Gerichtshof hat entschieden! Die HOAI 2013 gilt fort, wenn sie vereinbart war!"}]},{"@type":"WebSite","@id":"https:\/\/scheffelt.com\/#website","url":"https:\/\/scheffelt.com\/","name":"Rechtsanwalt Dr. Michael Scheffelt","description":"Fachanwalt f\u00fcr Bau- und Architektenrecht","publisher":{"@id":"https:\/\/scheffelt.com\/#organization"},"potentialAction":[{"@type":"SearchAction","target":{"@type":"EntryPoint","urlTemplate":"https:\/\/scheffelt.com\/?s={search_term_string}"},"query-input":{"@type":"PropertyValueSpecification","valueRequired":true,"valueName":"search_term_string"}}],"inLanguage":"en-US"},{"@type":"Organization","@id":"https:\/\/scheffelt.com\/#organization","name":"Rechtsanwalt Dr. Michael Scheffelt","url":"https:\/\/scheffelt.com\/","logo":{"@type":"ImageObject","inLanguage":"en-US","@id":"https:\/\/scheffelt.com\/#\/schema\/logo\/image\/","url":"https:\/\/scheffelt.com\/wp-content\/uploads\/2026\/01\/2026-01-21-Scheffelt-Logo-Colour-e1769196476837.jpg","contentUrl":"https:\/\/scheffelt.com\/wp-content\/uploads\/2026\/01\/2026-01-21-Scheffelt-Logo-Colour-e1769196476837.jpg","width":349,"height":80,"caption":"Rechtsanwalt Dr. Michael Scheffelt"},"image":{"@id":"https:\/\/scheffelt.com\/#\/schema\/logo\/image\/"}}]}},"_links":{"self":[{"href":"https:\/\/scheffelt.com\/en\/wp-json\/wp\/v2\/pages\/2875","targetHints":{"allow":["GET"]}}],"collection":[{"href":"https:\/\/scheffelt.com\/en\/wp-json\/wp\/v2\/pages"}],"about":[{"href":"https:\/\/scheffelt.com\/en\/wp-json\/wp\/v2\/types\/page"}],"author":[{"embeddable":true,"href":"https:\/\/scheffelt.com\/en\/wp-json\/wp\/v2\/users\/2"}],"replies":[{"embeddable":true,"href":"https:\/\/scheffelt.com\/en\/wp-json\/wp\/v2\/comments?post=2875"}],"version-history":[{"count":15,"href":"https:\/\/scheffelt.com\/en\/wp-json\/wp\/v2\/pages\/2875\/revisions"}],"predecessor-version":[{"id":3480,"href":"https:\/\/scheffelt.com\/en\/wp-json\/wp\/v2\/pages\/2875\/revisions\/3480"}],"up":[{"embeddable":true,"href":"https:\/\/scheffelt.com\/en\/wp-json\/wp\/v2\/pages\/387"}],"wp:attachment":[{"href":"https:\/\/scheffelt.com\/en\/wp-json\/wp\/v2\/media?parent=2875"}],"curies":[{"name":"wp","href":"https:\/\/api.w.org\/{rel}","templated":true}]}}